{"id":1975,"date":"2021-01-14T10:34:09","date_gmt":"2021-01-14T10:34:09","guid":{"rendered":"https:\/\/ralph-theissen.be\/groupes-cibles\/"},"modified":"2024-03-19T13:03:45","modified_gmt":"2024-03-19T13:03:45","slug":"groupes-cibles","status":"publish","type":"page","link":"https:\/\/ralph-theissen.be\/fr\/groupes-cibles\/","title":{"rendered":"Groupes cibles"},"content":{"rendered":"\n<style type=\"text\/css\" data-created_by=\"avia_inline_auto\" id=\"style-css-av-9ih-666d46482b8ecba0890fec787d491402\">\n.flex_column.av-9ih-666d46482b8ecba0890fec787d491402{\nborder-radius:0px 0px 0px 0px;\npadding:0px 0px 0px 0px;\n}\n<\/style>\n<div  class='flex_column av-9ih-666d46482b8ecba0890fec787d491402 av_one_full  avia-builder-el-0  el_before_av_one_third  avia-builder-el-first  first flex_column_div av-zero-column-padding  '     ><section  class='av_textblock_section av-kj05xhh6-1d4766732537f591e956c63197135445 '   itemscope=\"itemscope\" itemtype=\"https:\/\/schema.org\/CreativeWork\" ><div class='avia_textblock'  itemprop=\"text\" ><h3>Nous nous occupons de vous,<\/h3>\n<\/div><\/section><br \/>\n<section  class='av_textblock_section av-kjwyx6xv-5806107c187fd14f54ad0e490b1b9f7c '   itemscope=\"itemscope\" itemtype=\"https:\/\/schema.org\/CreativeWork\" ><div class='avia_textblock'  itemprop=\"text\" ><p>Tout le spectre de la physioth\u00e9rapie et de l\u2019ost\u00e9opathie \u2013 de l\u2019orthop\u00e9die au domaine visc\u00e9ral en passant par la neurologie.<\/p>\n<p>Outre les maladies cong\u00e9nitales, les probl\u00e8mes de posture rencontr\u00e9s, souvent avant le d\u00e9but de la scolarit\u00e9, prennent de plus en plus d\u2019importance. Au lieu de se d\u00e9fouler, de faire du v\u00e9lo ou de jouer, de nombreux enfants passent la plupart de leur temps assis. D\u2019abord, ils passent plusieurs heures assis \u00e0 l\u2019\u00e9cole, en fin d\u2019apr\u00e8s-midi, ils font leurs devoirs et le soir, ils regardent leur s\u00e9rie pr\u00e9f\u00e9r\u00e9e devant la t\u00e9l\u00e9vision &#8211; les probl\u00e8mes de posture et les maux de dos atteignent les jeunes aussi.<\/p>\n<section class=\"av_textblock_section \">\n<div class=\"avia_textblock \">\n<h3>\u2026 et de vous aussi.<\/h3>\n<\/div>\n<\/section>\n<section class=\"av_textblock_section \">\n<div class=\"avia_textblock \">\n<h3><\/h3>\n<\/div>\n<\/section>\n<\/div><\/section><br \/>\n\n<style type=\"text\/css\" data-created_by=\"avia_inline_auto\" id=\"style-css-av-kj02fsey-7947dc6dc637ac2b04a43cf327b94834\">\n#top .hr.hr-invisible.av-kj02fsey-7947dc6dc637ac2b04a43cf327b94834{\nheight:50px;\n}\n<\/style>\n<div  class='hr av-kj02fsey-7947dc6dc637ac2b04a43cf327b94834 hr-invisible  avia-builder-el-3  el_after_av_textblock  avia-builder-el-last '><span class='hr-inner '><span class=\"hr-inner-style\"><\/span><\/span><\/div><\/p><\/div>\n\n<style type=\"text\/css\" data-created_by=\"avia_inline_auto\" id=\"style-css-av-9ih-43-f13a08388b388ecb60a5aa4b52495a2d\">\n.flex_column.av-9ih-43-f13a08388b388ecb60a5aa4b52495a2d{\nborder-radius:0px 0px 0px 0px;\npadding:2px 2px 2px 2px;\n}\n<\/style>\n<div  class='flex_column av-9ih-43-f13a08388b388ecb60a5aa4b52495a2d av_one_third  avia-builder-el-4  el_after_av_one_full  el_before_av_one_third  first no_margin flex_column_div avia-link-column av-column-link  column-top-margin'    data-link-column-url=\"https:\/\/ralph-theissen.be\/osteopathie\/fuer-babys\/\"   ><a class=\"av-screen-reader-only\" href=https:\/\/ralph-theissen.be\/osteopathie\/fuer-babys\/ >Lier vers : f\u00fcr Babys<\/a><p>\n<style type=\"text\/css\" data-created_by=\"avia_inline_auto\" id=\"style-css-av-kj05vhdl-2295986890b42c331e2ab43f1af7d010\">\n.avia-image-container.av-kj05vhdl-2295986890b42c331e2ab43f1af7d010 img.avia_image{\nbox-shadow:none;\n}\n.avia-image-container.av-kj05vhdl-2295986890b42c331e2ab43f1af7d010 .av-image-caption-overlay-center{\ncolor:#ffffff;\n}\n<\/style>\n<div  class='avia-image-container av-kj05vhdl-2295986890b42c331e2ab43f1af7d010 av-styling-no-styling av-hover-grow av-hide-overflow avia-align-center  avia-builder-el-5  el_before_av_textblock  avia-builder-el-first '   itemprop=\"image\" itemscope=\"itemscope\" itemtype=\"https:\/\/schema.org\/ImageObject\" ><div class=\"avia-image-container-inner\"><div class=\"avia-image-overlay-wrap\"><img decoding=\"async\" fetchpriority=\"high\" class='wp-image-1929 avia-img-lazy-loading-not-1929 avia_image ' src=\"https:\/\/ralph-theissen.be\/wp-content\/uploads\/2021\/02\/THEISSENralph_zielgruppen_einzel_8.jpg\" alt='' title=''  height=\"463\" width=\"700\"  itemprop=\"thumbnailUrl\" srcset=\"https:\/\/ralph-theissen.be\/wp-content\/uploads\/2021\/02\/THEISSENralph_zielgruppen_einzel_8.jpg 700w, https:\/\/ralph-theissen.be\/wp-content\/uploads\/2021\/02\/THEISSENralph_zielgruppen_einzel_8-300x198.jpg 300w\" sizes=\"(max-width: 700px) 100vw, 700px\" \/><\/div><\/div><\/div><br \/>\n<section  class='av_textblock_section av-kjwuxede-518ca100ae678357d73352d5832d0801 '   itemscope=\"itemscope\" itemtype=\"https:\/\/schema.org\/CreativeWork\" ><div class='avia_textblock'  itemprop=\"text\" ><p style=\"text-align: left;\"><strong>B\u00c9B\u00c9S<\/strong><\/p>\n<ul>\n<li>Probl\u00e8me d\u2019allaitement<\/li>\n<li>Asym\u00e9trie cr\u00e2nienne<\/li>\n<li>Posture de pr\u00e9-orientation (pr\u00e9f\u00e9rence pour un c\u00f4t\u00e9)<\/li>\n<li>Troubles du sommeil, hyperactivit\u00e9<\/li>\n<li>Coliques du nourrisson<\/li>\n<li>Troubles de la digestion<\/li>\n<li>&#8230;<\/li>\n<\/ul>\n<\/div><\/section><\/p><\/div>\n\n<style type=\"text\/css\" data-created_by=\"avia_inline_auto\" id=\"style-css-av-9ih-39-c3fc8ad2f1963a20cd45275909523e38\">\n.flex_column.av-9ih-39-c3fc8ad2f1963a20cd45275909523e38{\nborder-radius:0px 0px 0px 0px;\npadding:2px 2px 2px 2px;\n}\n<\/style>\n<div  class='flex_column av-9ih-39-c3fc8ad2f1963a20cd45275909523e38 av_one_third  avia-builder-el-7  el_after_av_one_third  el_before_av_one_third  no_margin flex_column_div avia-link-column av-column-link  column-top-margin'    data-link-column-url=\"https:\/\/ralph-theissen.be\/kinesitheraphie\/physiotherapie\/\"   ><a class=\"av-screen-reader-only\" href=https:\/\/ralph-theissen.be\/kinesitheraphie\/physiotherapie\/ >Lier vers : Spezifisches Training<\/a><p>\n<style type=\"text\/css\" data-created_by=\"avia_inline_auto\" id=\"style-css-av-kj05vhdl-38-a606c85162f788bf795ec0fcfa6d2fa1\">\n.avia-image-container.av-kj05vhdl-38-a606c85162f788bf795ec0fcfa6d2fa1 img.avia_image{\nbox-shadow:none;\n}\n.avia-image-container.av-kj05vhdl-38-a606c85162f788bf795ec0fcfa6d2fa1 .av-image-caption-overlay-center{\ncolor:#ffffff;\n}\n<\/style>\n<div  class='avia-image-container av-kj05vhdl-38-a606c85162f788bf795ec0fcfa6d2fa1 av-styling-no-styling av-hover-grow av-hide-overflow avia-align-center  avia-builder-el-8  el_before_av_textblock  avia-builder-el-first '   itemprop=\"image\" itemscope=\"itemscope\" itemtype=\"https:\/\/schema.org\/ImageObject\" ><div class=\"avia-image-container-inner\"><div class=\"avia-image-overlay-wrap\"><img decoding=\"async\" fetchpriority=\"high\" class='wp-image-1922 avia-img-lazy-loading-not-1922 avia_image ' src=\"https:\/\/ralph-theissen.be\/wp-content\/uploads\/2021\/02\/THEISSENralph_zielgruppen_einzel_1.jpg\" alt='' title=''  height=\"463\" width=\"700\"  itemprop=\"thumbnailUrl\" srcset=\"https:\/\/ralph-theissen.be\/wp-content\/uploads\/2021\/02\/THEISSENralph_zielgruppen_einzel_1.jpg 700w, https:\/\/ralph-theissen.be\/wp-content\/uploads\/2021\/02\/THEISSENralph_zielgruppen_einzel_1-300x198.jpg 300w\" sizes=\"(max-width: 700px) 100vw, 700px\" \/><\/div><\/div><\/div><br \/>\n<section  class='av_textblock_section av-kjwuxede-37-defff7bbc9d0332b41bb1b88144ee720 '   itemscope=\"itemscope\" itemtype=\"https:\/\/schema.org\/CreativeWork\" ><div class='avia_textblock'  itemprop=\"text\" ><p style=\"text-align: left;\"><strong>ENFANTS \/ ADOLESCENTS<\/strong><\/p>\n<ul>\n<li>Mauvaise posture<\/li>\n<li>Orthop\u00e9die<\/li>\n<li>Traumatologie<\/li>\n<li>Troubles de la concentration<\/li>\n<li>Troubles musculosquelettiques<\/li>\n<li>Troubles de la croissance<\/li>\n<li>&#8230;<\/li>\n<\/ul>\n<\/div><\/section><\/p><\/div>\n\n<style type=\"text\/css\" data-created_by=\"avia_inline_auto\" id=\"style-css-av-9ih-36-c0b378abd5ba0490e42d4c16948b45c0\">\n.flex_column.av-9ih-36-c0b378abd5ba0490e42d4c16948b45c0{\nborder-radius:0px 0px 0px 0px;\npadding:2px 2px 2px 2px;\n}\n<\/style>\n<div  class='flex_column av-9ih-36-c0b378abd5ba0490e42d4c16948b45c0 av_one_third  avia-builder-el-10  el_after_av_one_third  el_before_av_one_third  no_margin flex_column_div avia-link-column av-column-link  column-top-margin'    data-link-column-url=\"https:\/\/ralph-theissen.be\/kinesitheraphie\/klassische-massage\/\"   ><a class=\"av-screen-reader-only\" href=https:\/\/ralph-theissen.be\/kinesitheraphie\/klassische-massage\/ >Lier vers : Klassische Massage<\/a><p>\n<style type=\"text\/css\" data-created_by=\"avia_inline_auto\" id=\"style-css-av-kj05vhdl-35-40f2bc106b29454bba8983ef04493895\">\n.avia-image-container.av-kj05vhdl-35-40f2bc106b29454bba8983ef04493895 img.avia_image{\nbox-shadow:none;\n}\n.avia-image-container.av-kj05vhdl-35-40f2bc106b29454bba8983ef04493895 .av-image-caption-overlay-center{\ncolor:#ffffff;\n}\n<\/style>\n<div  class='avia-image-container av-kj05vhdl-35-40f2bc106b29454bba8983ef04493895 av-styling-no-styling av-hover-grow av-hide-overflow avia-align-center  avia-builder-el-11  el_before_av_textblock  avia-builder-el-first '   itemprop=\"image\" itemscope=\"itemscope\" itemtype=\"https:\/\/schema.org\/ImageObject\" ><div class=\"avia-image-container-inner\"><div class=\"avia-image-overlay-wrap\"><img decoding=\"async\" fetchpriority=\"high\" class='wp-image-1927 avia-img-lazy-loading-not-1927 avia_image ' src=\"https:\/\/ralph-theissen.be\/wp-content\/uploads\/2021\/02\/THEISSENralph_zielgruppen_einzel_3.jpg\" alt='' title=''  height=\"463\" width=\"700\"  itemprop=\"thumbnailUrl\" srcset=\"https:\/\/ralph-theissen.be\/wp-content\/uploads\/2021\/02\/THEISSENralph_zielgruppen_einzel_3.jpg 700w, https:\/\/ralph-theissen.be\/wp-content\/uploads\/2021\/02\/THEISSENralph_zielgruppen_einzel_3-300x198.jpg 300w\" sizes=\"(max-width: 700px) 100vw, 700px\" \/><\/div><\/div><\/div><br \/>\n<section  class='av_textblock_section av-kjwuxede-34-01b76f65f97fd3d1026d6d9f139cd471 '   itemscope=\"itemscope\" itemtype=\"https:\/\/schema.org\/CreativeWork\" ><div class='avia_textblock'  itemprop=\"text\" ><p style=\"text-align: left;\"><strong>ADULTES<\/strong><\/p>\n<ul>\n<li>Orthop\u00e9die \/ traumatologie<\/li>\n<li>Maux de t\u00eate, vertiges, contractures<\/li>\n<li>Maladies aig\u00fces et chroniques<\/li>\n<li>Restrictions de mobilit\u00e9, blocages<\/li>\n<li>Cons\u00e9quences d\u2019un stress prolong\u00e9, \u00e9puisement<\/li>\n<li>Th\u00e9rapie pr\u00e9ventive du mouvement<\/li>\n<li>&#8230;<\/li>\n<\/ul>\n<\/div><\/section><\/p><\/div>\n\n<style type=\"text\/css\" data-created_by=\"avia_inline_auto\" id=\"style-css-av-9ih-33-0200fc053bec0ccaf5f42e35e711e91a\">\n.flex_column.av-9ih-33-0200fc053bec0ccaf5f42e35e711e91a{\nborder-radius:0px 0px 0px 0px;\npadding:2px 2px 2px 2px;\n}\n<\/style>\n<div  class='flex_column av-9ih-33-0200fc053bec0ccaf5f42e35e711e91a av_one_third  avia-builder-el-13  el_after_av_one_third  el_before_av_one_third  first no_margin flex_column_div avia-link-column av-column-link  column-top-margin'    data-link-column-url=\"https:\/\/ralph-theissen.be\/kinesitheraphie\/passive-anwendungen\/\"   ><a class=\"av-screen-reader-only\" href=https:\/\/ralph-theissen.be\/kinesitheraphie\/passive-anwendungen\/ >Lier vers : Physikalische Anwendungen<\/a><p>\n<style type=\"text\/css\" data-created_by=\"avia_inline_auto\" id=\"style-css-av-kj05vhdl-32-50efb93d398ba489aa7efb2a50a544f4\">\n.avia-image-container.av-kj05vhdl-32-50efb93d398ba489aa7efb2a50a544f4 img.avia_image{\nbox-shadow:none;\n}\n.avia-image-container.av-kj05vhdl-32-50efb93d398ba489aa7efb2a50a544f4 .av-image-caption-overlay-center{\ncolor:#ffffff;\n}\n<\/style>\n<div  class='avia-image-container av-kj05vhdl-32-50efb93d398ba489aa7efb2a50a544f4 av-styling-no-styling av-hover-grow av-hide-overflow avia-align-center  avia-builder-el-14  el_before_av_textblock  avia-builder-el-first '   itemprop=\"image\" itemscope=\"itemscope\" itemtype=\"https:\/\/schema.org\/ImageObject\" ><div class=\"avia-image-container-inner\"><div class=\"avia-image-overlay-wrap\"><img decoding=\"async\" fetchpriority=\"high\" class='wp-image-1926 avia-img-lazy-loading-not-1926 avia_image ' src=\"https:\/\/ralph-theissen.be\/wp-content\/uploads\/2021\/02\/THEISSENralph_zielgruppen_einzel_4.jpg\" alt='' title=''  height=\"463\" width=\"700\"  itemprop=\"thumbnailUrl\" srcset=\"https:\/\/ralph-theissen.be\/wp-content\/uploads\/2021\/02\/THEISSENralph_zielgruppen_einzel_4.jpg 700w, https:\/\/ralph-theissen.be\/wp-content\/uploads\/2021\/02\/THEISSENralph_zielgruppen_einzel_4-300x198.jpg 300w\" sizes=\"(max-width: 700px) 100vw, 700px\" \/><\/div><\/div><\/div><br \/>\n<section  class='av_textblock_section av-kjwuxede-31-3a714dafd7fde71ac760361685b304d0 '   itemscope=\"itemscope\" itemtype=\"https:\/\/schema.org\/CreativeWork\" ><div class='avia_textblock'  itemprop=\"text\" ><p style=\"text-align: left;\"><strong>SENIORS<\/strong><\/p>\n<ul>\n<li>Rhumatologie<\/li>\n<li>Orthop\u00e9die<\/li>\n<li>Traumatologie<\/li>\n<li>Maladies aig\u00fces et chroniques<\/li>\n<li>Traitement de la douleur<\/li>\n<li>&#8230;<\/li>\n<\/ul>\n<\/div><\/section><\/p><\/div>\n\n<style type=\"text\/css\" data-created_by=\"avia_inline_auto\" id=\"style-css-av-9ih-30-783a1762df401eedfa478827ac03962d\">\n.flex_column.av-9ih-30-783a1762df401eedfa478827ac03962d{\nborder-radius:0px 0px 0px 0px;\npadding:2px 2px 2px 2px;\n}\n<\/style>\n<div  class='flex_column av-9ih-30-783a1762df401eedfa478827ac03962d av_one_third  avia-builder-el-16  el_after_av_one_third  el_before_av_one_third  no_margin flex_column_div avia-link-column av-column-link  column-top-margin'    data-link-column-url=\"https:\/\/ralph-theissen.be\/osteopathie\/fur-aktive-und-sportler\/\"   ><a class=\"av-screen-reader-only\" href=https:\/\/ralph-theissen.be\/osteopathie\/fur-aktive-und-sportler\/ >Lier vers : f\u00fcr Aktive und Sportler<\/a><p>\n<style type=\"text\/css\" data-created_by=\"avia_inline_auto\" id=\"style-css-av-kj05vhdl-29-fb73127eca73c489fdf173051a62415d\">\n.avia-image-container.av-kj05vhdl-29-fb73127eca73c489fdf173051a62415d img.avia_image{\nbox-shadow:none;\n}\n.avia-image-container.av-kj05vhdl-29-fb73127eca73c489fdf173051a62415d .av-image-caption-overlay-center{\ncolor:#ffffff;\n}\n<\/style>\n<div  class='avia-image-container av-kj05vhdl-29-fb73127eca73c489fdf173051a62415d av-styling-no-styling av-hover-grow av-hide-overflow avia-align-center  avia-builder-el-17  el_before_av_textblock  avia-builder-el-first '   itemprop=\"image\" itemscope=\"itemscope\" itemtype=\"https:\/\/schema.org\/ImageObject\" ><div class=\"avia-image-container-inner\"><div class=\"avia-image-overlay-wrap\"><img decoding=\"async\" fetchpriority=\"high\" class='wp-image-1948 avia-img-lazy-loading-not-1948 avia_image ' src=\"https:\/\/ralph-theissen.be\/wp-content\/uploads\/2021\/02\/THEISSENralph_zielgruppen_einzel_9.jpg\" alt='' title=''  height=\"463\" width=\"700\"  itemprop=\"thumbnailUrl\" srcset=\"https:\/\/ralph-theissen.be\/wp-content\/uploads\/2021\/02\/THEISSENralph_zielgruppen_einzel_9.jpg 700w, https:\/\/ralph-theissen.be\/wp-content\/uploads\/2021\/02\/THEISSENralph_zielgruppen_einzel_9-300x198.jpg 300w\" sizes=\"(max-width: 700px) 100vw, 700px\" \/><\/div><\/div><\/div><br \/>\n<section  class='av_textblock_section av-kjwuxede-28-04fbe6abefef26b68b8eb3f2a2fe389b '   itemscope=\"itemscope\" itemtype=\"https:\/\/schema.org\/CreativeWork\" ><div class='avia_textblock'  itemprop=\"text\" ><p style=\"text-align: left;\"><strong>PERSONNES ACTIVES ET SPORTIFS<\/strong><\/p>\n<ul>\n<li>Traitement de la douleur<\/li>\n<li>Traumatologie<\/li>\n<li>Am\u00e9lioration de la mobilit\u00e9<\/li>\n<li>Acc\u00e9l\u00e9rateur du r\u00e9tablissement physique<\/li>\n<li>Elimination rapide des \u0153d\u00e8mes<\/li>\n<li>&#8230;<\/li>\n<\/ul>\n<\/div><\/section><\/p><\/div>\n\n<style type=\"text\/css\" data-created_by=\"avia_inline_auto\" id=\"style-css-av-9ih-27-7ae16dd86e5bca785023c4106e465bcc\">\n.flex_column.av-9ih-27-7ae16dd86e5bca785023c4106e465bcc{\nborder-radius:0px 0px 0px 0px;\npadding:2px 2px 2px 2px;\n}\n<\/style>\n<div  class='flex_column av-9ih-27-7ae16dd86e5bca785023c4106e465bcc av_one_third  avia-builder-el-19  el_after_av_one_third  el_before_av_one_third  no_margin flex_column_div avia-link-column av-column-link  column-top-margin'    data-link-column-url=\"https:\/\/ralph-theissen.be\/kinesitheraphie\/praeventive-physiotherapie\/\"   ><a class=\"av-screen-reader-only\" href=https:\/\/ralph-theissen.be\/kinesitheraphie\/praeventive-physiotherapie\/ >Lier vers : Pr\u00e4ventive Bewegungstherapie<\/a><p>\n<style type=\"text\/css\" data-created_by=\"avia_inline_auto\" id=\"style-css-av-kj05vhdl-26-1b3d4bbae82ca79a813e76d59cfaf6d6\">\n.avia-image-container.av-kj05vhdl-26-1b3d4bbae82ca79a813e76d59cfaf6d6 img.avia_image{\nbox-shadow:none;\n}\n.avia-image-container.av-kj05vhdl-26-1b3d4bbae82ca79a813e76d59cfaf6d6 .av-image-caption-overlay-center{\ncolor:#ffffff;\n}\n<\/style>\n<div  class='avia-image-container av-kj05vhdl-26-1b3d4bbae82ca79a813e76d59cfaf6d6 av-styling-no-styling av-hover-grow av-hide-overflow avia-align-center  avia-builder-el-20  el_before_av_textblock  avia-builder-el-first '   itemprop=\"image\" itemscope=\"itemscope\" itemtype=\"https:\/\/schema.org\/ImageObject\" ><div class=\"avia-image-container-inner\"><div class=\"avia-image-overlay-wrap\"><img decoding=\"async\" fetchpriority=\"high\" class='wp-image-1947 avia-img-lazy-loading-not-1947 avia_image ' src=\"https:\/\/ralph-theissen.be\/wp-content\/uploads\/2021\/02\/THEISSENralph_zielgruppen_einzel_10.jpg\" alt='' title=''  height=\"463\" width=\"700\"  itemprop=\"thumbnailUrl\" srcset=\"https:\/\/ralph-theissen.be\/wp-content\/uploads\/2021\/02\/THEISSENralph_zielgruppen_einzel_10.jpg 700w, https:\/\/ralph-theissen.be\/wp-content\/uploads\/2021\/02\/THEISSENralph_zielgruppen_einzel_10-300x198.jpg 300w\" sizes=\"(max-width: 700px) 100vw, 700px\" \/><\/div><\/div><\/div><br \/>\n<section  class='av_textblock_section av-kjwuxede-25-8c15b9d04ed28f456891f955390a8d5b '   itemscope=\"itemscope\" itemtype=\"https:\/\/schema.org\/CreativeWork\" ><div class='avia_textblock'  itemprop=\"text\" ><p style=\"text-align: left;\"><strong>GROSSESSE<\/strong><\/p>\n<ul>\n<li>Douleur au dos<\/li>\n<li>Distension des articulations du bassin (Syndrome de Lacomme) : douleurs au niveau de l\u2019aine<\/li>\n<li>Sciatique : souvent d\u00e9clench\u00e9 par la pression de la t\u00eate du b\u00e9b\u00e9<\/li>\n<li>Drainage lymphatique<\/li>\n<li>&#8230;<\/li>\n<\/ul>\n<\/div><\/section><\/p><\/div>\n\n<style type=\"text\/css\" data-created_by=\"avia_inline_auto\" id=\"style-css-av-9ih-24-cc20807712265e0fd783c6cdecd9f3ad\">\n#top .flex_column.av-9ih-24-cc20807712265e0fd783c6cdecd9f3ad{\nmargin-top:0px;\nmargin-bottom:0px;\n}\n.flex_column.av-9ih-24-cc20807712265e0fd783c6cdecd9f3ad{\nborder-radius:0px 0px 0px 0px;\npadding:2px 2px 2px 2px;\n}\n.responsive #top #wrap_all .flex_column.av-9ih-24-cc20807712265e0fd783c6cdecd9f3ad{\nmargin-top:0px;\nmargin-bottom:0px;\n}\n<\/style>\n<div  class='flex_column av-9ih-24-cc20807712265e0fd783c6cdecd9f3ad av_one_third  avia-builder-el-22  el_after_av_one_third  el_before_av_one_third  first no_margin flex_column_div avia-link-column av-column-link  column-top-margin'    data-link-column-url=\"https:\/\/ralph-theissen.be\/osteopathie\/frakturheilung-und-schmerzlinderung-2\/\"   ><a class=\"av-screen-reader-only\" href=https:\/\/ralph-theissen.be\/osteopathie\/frakturheilung-und-schmerzlinderung-2\/ >Lier vers : Frakturheilung und Schmerzlinderung<\/a><p>\n<style type=\"text\/css\" data-created_by=\"avia_inline_auto\" id=\"style-css-av-kj05vhdl-23-803c589d62abc0254176049e16540328\">\n.avia-image-container.av-kj05vhdl-23-803c589d62abc0254176049e16540328 img.avia_image{\nbox-shadow:none;\n}\n.avia-image-container.av-kj05vhdl-23-803c589d62abc0254176049e16540328 .av-image-caption-overlay-center{\ncolor:#ffffff;\n}\n<\/style>\n<div  class='avia-image-container av-kj05vhdl-23-803c589d62abc0254176049e16540328 av-styling-no-styling av-hover-grow av-hide-overflow avia-align-center  avia-builder-el-23  el_before_av_textblock  avia-builder-el-first '   itemprop=\"image\" itemscope=\"itemscope\" itemtype=\"https:\/\/schema.org\/ImageObject\" ><div class=\"avia-image-container-inner\"><div class=\"avia-image-overlay-wrap\"><img decoding=\"async\" fetchpriority=\"high\" class='wp-image-1925 avia-img-lazy-loading-not-1925 avia_image ' src=\"https:\/\/ralph-theissen.be\/wp-content\/uploads\/2021\/02\/THEISSENralph_zielgruppen_einzel_5.jpg\" alt='' title=''  height=\"463\" width=\"700\"  itemprop=\"thumbnailUrl\" srcset=\"https:\/\/ralph-theissen.be\/wp-content\/uploads\/2021\/02\/THEISSENralph_zielgruppen_einzel_5.jpg 700w, https:\/\/ralph-theissen.be\/wp-content\/uploads\/2021\/02\/THEISSENralph_zielgruppen_einzel_5-300x198.jpg 300w\" sizes=\"(max-width: 700px) 100vw, 700px\" \/><\/div><\/div><\/div><br \/>\n<section  class='av_textblock_section av-kjwuxede-22-fd9710b1eb44cf2213f560e2d78132d0 '   itemscope=\"itemscope\" itemtype=\"https:\/\/schema.org\/CreativeWork\" ><div class='avia_textblock'  itemprop=\"text\" ><p style=\"text-align: left;\"><strong>ORTHOP\u00c9DIE \/ TRAUMATOLOGIE<\/strong><\/p>\n<ul>\n<li>R\u00e9-\u00e9duction apr\u00e8s une op\u00e9ration \/ une blessure<\/li>\n<li>R\u00e9g\u00e9n\u00e9ration physiologique<\/li>\n<li>Hernies discales \/ douleurs dorsales<\/li>\n<li>Probl\u00e8mes au niveau des articulations, des muscles ou des tendons<\/li>\n<li>Gu\u00e9rison apr\u00e8s fracture et soulagement de la douleur<\/li>\n<li>Entrainement intensif<\/li>\n<li>&#8230;<\/li>\n<\/ul>\n<\/div><\/section><\/p><\/div>\n\n<style type=\"text\/css\" data-created_by=\"avia_inline_auto\" id=\"style-css-av-9ih-21-071c2f0db1327c25fa3d4ac3dd022f1d\">\n#top .flex_column.av-9ih-21-071c2f0db1327c25fa3d4ac3dd022f1d{\nmargin-top:0px;\nmargin-bottom:0px;\n}\n.flex_column.av-9ih-21-071c2f0db1327c25fa3d4ac3dd022f1d{\nborder-radius:0px 0px 0px 0px;\npadding:2px 2px 2px 2px;\n}\n.responsive #top #wrap_all .flex_column.av-9ih-21-071c2f0db1327c25fa3d4ac3dd022f1d{\nmargin-top:0px;\nmargin-bottom:0px;\n}\n<\/style>\n<div  class='flex_column av-9ih-21-071c2f0db1327c25fa3d4ac3dd022f1d av_one_third  avia-builder-el-25  el_after_av_one_third  el_before_av_one_third  no_margin flex_column_div avia-link-column av-column-link  column-top-margin'    data-link-column-url=\"https:\/\/ralph-theissen.be\/osteopathie\/sportler\/\"   ><a class=\"av-screen-reader-only\" href=https:\/\/ralph-theissen.be\/osteopathie\/sportler\/ >Lier vers : Kiefergelenkbeschwerden<\/a><p>\n<style type=\"text\/css\" data-created_by=\"avia_inline_auto\" id=\"style-css-av-kj05vhdl-20-04d6460c4571d91c98b9a880d880f680\">\n.avia-image-container.av-kj05vhdl-20-04d6460c4571d91c98b9a880d880f680 img.avia_image{\nbox-shadow:none;\n}\n.avia-image-container.av-kj05vhdl-20-04d6460c4571d91c98b9a880d880f680 .av-image-caption-overlay-center{\ncolor:#ffffff;\n}\n<\/style>\n<div  class='avia-image-container av-kj05vhdl-20-04d6460c4571d91c98b9a880d880f680 av-styling-no-styling av-hover-grow av-hide-overflow avia-align-center  avia-builder-el-26  el_before_av_textblock  avia-builder-el-first '   itemprop=\"image\" itemscope=\"itemscope\" itemtype=\"https:\/\/schema.org\/ImageObject\" ><div class=\"avia-image-container-inner\"><div class=\"avia-image-overlay-wrap\"><img decoding=\"async\" fetchpriority=\"high\" class='wp-image-1924 avia-img-lazy-loading-not-1924 avia_image ' src=\"https:\/\/ralph-theissen.be\/wp-content\/uploads\/2021\/02\/THEISSENralph_zielgruppen_einzel_6.jpg\" alt='' title=''  height=\"463\" width=\"700\"  itemprop=\"thumbnailUrl\" srcset=\"https:\/\/ralph-theissen.be\/wp-content\/uploads\/2021\/02\/THEISSENralph_zielgruppen_einzel_6.jpg 700w, https:\/\/ralph-theissen.be\/wp-content\/uploads\/2021\/02\/THEISSENralph_zielgruppen_einzel_6-300x198.jpg 300w\" sizes=\"(max-width: 700px) 100vw, 700px\" \/><\/div><\/div><\/div><br \/>\n<section  class='av_textblock_section av-kjwuxede-19-fdafe589e06c45430b51869ba1e6674f '   itemscope=\"itemscope\" itemtype=\"https:\/\/schema.org\/CreativeWork\" ><div class='avia_textblock'  itemprop=\"text\" ><p style=\"text-align: left;\"><strong>TROUBLES DE L\u2019ARTICULATION TEMPORO-MANDIBULAIRE<\/strong><\/p>\n<ul>\n<li>Douleur dans la t\u00eate, le visage, les dents, la nuque, l\u2019\u00e9paule et la colonne thoracique<\/li>\n<li>Restrictions de rotation de la t\u00eate<\/li>\n<li>Douleurs aux oreilles, acouph\u00e8nes et vertiges<\/li>\n<li>Dysphagie et probl\u00e8mes de vue<\/li>\n<li>Troubles de l\u2019occlusion dentaire<\/li>\n<li>&#8230;<\/li>\n<\/ul>\n<\/div><\/section><\/p><\/div>\n\n<style type=\"text\/css\" data-created_by=\"avia_inline_auto\" id=\"style-css-av-9ih-18-c6e3b96a121b19c8762754c0e04f67a9\">\n#top .flex_column.av-9ih-18-c6e3b96a121b19c8762754c0e04f67a9{\nmargin-top:0px;\nmargin-bottom:0px;\n}\n.flex_column.av-9ih-18-c6e3b96a121b19c8762754c0e04f67a9{\nborder-radius:0px 0px 0px 0px;\npadding:2px 2px 2px 2px;\n}\n.responsive #top #wrap_all .flex_column.av-9ih-18-c6e3b96a121b19c8762754c0e04f67a9{\nmargin-top:0px;\nmargin-bottom:0px;\n}\n<\/style>\n<div  class='flex_column av-9ih-18-c6e3b96a121b19c8762754c0e04f67a9 av_one_third  avia-builder-el-28  el_after_av_one_third  el_before_av_one_full  no_margin flex_column_div avia-link-column av-column-link  column-top-margin'    data-link-column-url=\"https:\/\/ralph-theissen.be\/osteopathie\/anwendungen\/\"   ><a class=\"av-screen-reader-only\" href=https:\/\/ralph-theissen.be\/osteopathie\/anwendungen\/ >Lier vers : Wann hilft die Osteopathie?<\/a><p>\n<style type=\"text\/css\" data-created_by=\"avia_inline_auto\" id=\"style-css-av-kj05vhdl-17-7729a6706b4fae3bd40cb539288abc43\">\n.avia-image-container.av-kj05vhdl-17-7729a6706b4fae3bd40cb539288abc43 img.avia_image{\nbox-shadow:none;\n}\n.avia-image-container.av-kj05vhdl-17-7729a6706b4fae3bd40cb539288abc43 .av-image-caption-overlay-center{\ncolor:#ffffff;\n}\n<\/style>\n<div  class='avia-image-container av-kj05vhdl-17-7729a6706b4fae3bd40cb539288abc43 av-styling-no-styling av-hover-grow av-hide-overflow avia-align-center  avia-builder-el-29  el_before_av_textblock  avia-builder-el-first '   itemprop=\"image\" itemscope=\"itemscope\" itemtype=\"https:\/\/schema.org\/ImageObject\" ><div class=\"avia-image-container-inner\"><div class=\"avia-image-overlay-wrap\"><img decoding=\"async\" fetchpriority=\"high\" class='wp-image-1928 avia-img-lazy-loading-not-1928 avia_image ' src=\"https:\/\/ralph-theissen.be\/wp-content\/uploads\/2021\/02\/THEISSENralph_zielgruppen_einzel_2.jpg\" alt='' title=''  height=\"463\" width=\"700\"  itemprop=\"thumbnailUrl\" srcset=\"https:\/\/ralph-theissen.be\/wp-content\/uploads\/2021\/02\/THEISSENralph_zielgruppen_einzel_2.jpg 700w, https:\/\/ralph-theissen.be\/wp-content\/uploads\/2021\/02\/THEISSENralph_zielgruppen_einzel_2-300x198.jpg 300w\" sizes=\"(max-width: 700px) 100vw, 700px\" \/><\/div><\/div><\/div><br \/>\n<section  class='av_textblock_section av-kjwuxede-16-18ae98e561b51d612d06817b0827b70a '   itemscope=\"itemscope\" itemtype=\"https:\/\/schema.org\/CreativeWork\" ><div class='avia_textblock'  itemprop=\"text\" ><p style=\"text-align: left;\"><strong>PROBL\u00c8MES DE SANT\u00c9<\/strong><\/p>\n<ul>\n<li>Maladies respiratoires et m\u00e9taboliques<\/li>\n<li>Maladies cardio-vasculaires<\/li>\n<li>Douleurs chroniques de toute nature<\/li>\n<li>Am\u00e9lioration de la capacit\u00e9 vitale et des performances<span class=\"Apple-converted-space\"> <\/span><\/li>\n<li>Renforcement du syst\u00e8me immunitaire<\/li>\n<li>&#8230;<\/li>\n<\/ul>\n<\/div><\/section><\/p><\/div>\n\n<style type=\"text\/css\" data-created_by=\"avia_inline_auto\" id=\"style-css-av-9ih-15-fe20ee58d1aecf4056feb0dd2f716f85\">\n.flex_column.av-9ih-15-fe20ee58d1aecf4056feb0dd2f716f85{\nborder-radius:0px 0px 0px 0px;\npadding:2px 2px 2px 2px;\n}\n<\/style>\n<div  class='flex_column av-9ih-15-fe20ee58d1aecf4056feb0dd2f716f85 av_one_full  avia-builder-el-31  el_after_av_one_third  el_before_av_one_third  first no_margin flex_column_div  column-top-margin'     ><p>\n<style type=\"text\/css\" data-created_by=\"avia_inline_auto\" id=\"style-css-av-kj02fsey-40-38c5873592f9f2852e4092458eedb64c\">\n#top .hr.hr-invisible.av-kj02fsey-40-38c5873592f9f2852e4092458eedb64c{\nheight:50px;\n}\n<\/style>\n<div  class='hr av-kj02fsey-40-38c5873592f9f2852e4092458eedb64c hr-invisible  avia-builder-el-32  el_before_av_textblock  avia-builder-el-first '><span class='hr-inner '><span class=\"hr-inner-style\"><\/span><\/span><\/div><br \/>\n<section  class='av_textblock_section av-kj05xhh6-42-05ce5ab49dad49a3e78c4b8f08e3172f '   itemscope=\"itemscope\" itemtype=\"https:\/\/schema.org\/CreativeWork\" ><div class='avia_textblock'  itemprop=\"text\" ><h3>Comp\u00e9tences et exp\u00e9rience<\/h3>\n<\/div><\/section><br \/>\n<section  class='av_textblock_section av-kjwyx6xv-41-6878d4a82e59bcec2414954fbe159637 '   itemscope=\"itemscope\" itemtype=\"https:\/\/schema.org\/CreativeWork\" ><div class='avia_textblock'  itemprop=\"text\" ><p>Les parents viennent avec leur b\u00e9b\u00e9, leur enfant ou leur adolescent. Les femmes et les hommes de tout \u00e2ge, les actifs et les sportifs, les personnes souffrant de probl\u00e8mes ou encore les femmes enceintes font \u00e9galement partie de notre groupe de patients.<\/p>\n<p>D\u00e8s l\u2019enfance, nous accompagnons nos visiteurs \u00e0 travers leurs diff\u00e9rentes phases de d\u00e9veloppement. Ce sont souvent des familles enti\u00e8res que nous soutenons gr\u00e2ce \u00e0 notre exp\u00e9rience et \u00e0 nos comp\u00e9tences th\u00e9rapeutiques.<\/p>\n<p>Discutez avec nous de votre (vos) probl\u00e8me(s).<\/p>\n<\/div><\/section><br \/>\n\n<style type=\"text\/css\" data-created_by=\"avia_inline_auto\" id=\"style-css-av-kj02fsey-11-9e261a11c63d415ce06649a09bdc18ca\">\n#top .hr.hr-invisible.av-kj02fsey-11-9e261a11c63d415ce06649a09bdc18ca{\nheight:50px;\n}\n<\/style>\n<div  class='hr av-kj02fsey-11-9e261a11c63d415ce06649a09bdc18ca hr-invisible  avia-builder-el-35  el_after_av_textblock  el_before_av_textblock '><span class='hr-inner '><span class=\"hr-inner-style\"><\/span><\/span><\/div><br \/>\n<section  class='av_textblock_section av-kjwyx6xv-10-26c34c503ce55d0e09532c09c1cecf36 '   itemscope=\"itemscope\" itemtype=\"https:\/\/schema.org\/CreativeWork\" ><div class='avia_textblock'  itemprop=\"text\" ><h3>Nous serions heureux de pouvoir vous aider dans notre cabinet d\u2019ost\u00e9opathie et de kin\u00e9sith\u00e9rapie!<\/h3>\n<h3><\/h3>\n<\/div><\/section><br \/>\n\n<style type=\"text\/css\" data-created_by=\"avia_inline_auto\" id=\"style-css-av-kj02fsey-9-69985046b926fb59311392de153c7ee9\">\n#top .hr.hr-invisible.av-kj02fsey-9-69985046b926fb59311392de153c7ee9{\nheight:50px;\n}\n<\/style>\n<div  class='hr av-kj02fsey-9-69985046b926fb59311392de153c7ee9 hr-invisible  avia-builder-el-37  el_after_av_textblock  avia-builder-el-last '><span class='hr-inner '><span class=\"hr-inner-style\"><\/span><\/span><\/div><\/p><\/div>\n\n<style type=\"text\/css\" data-created_by=\"avia_inline_auto\" id=\"style-css-av-9ih-12-e986c15009d6ac77827c58f7aeb55b89\">\n#top .flex_column.av-9ih-12-e986c15009d6ac77827c58f7aeb55b89{\nmargin-top:0px;\nmargin-bottom:0px;\n}\n.flex_column.av-9ih-12-e986c15009d6ac77827c58f7aeb55b89{\nborder-radius:0px 0px 0px 0px;\npadding:2px 20px 2px 2px;\n}\n.responsive #top #wrap_all .flex_column.av-9ih-12-e986c15009d6ac77827c58f7aeb55b89{\nmargin-top:0px;\nmargin-bottom:0px;\n}\n<\/style>\n<div  class='flex_column av-9ih-12-e986c15009d6ac77827c58f7aeb55b89 av_one_third  avia-builder-el-38  el_after_av_one_full  el_before_av_one_third  first no_margin flex_column_div  column-top-margin'     ><section  class='av_textblock_section av-kjwuxede-13-64861466bef1f5c9c8c865d6f1ad47b8 '   itemscope=\"itemscope\" itemtype=\"https:\/\/schema.org\/CreativeWork\" ><div class='av-small-hide av-mini-hide avia_textblock'  itemprop=\"text\" ><h3 style=\"text-align: left;\"><a href=\"https:\/\/ralph-theissen.be\/fr\/osteopathie\/\">Ost\u00e9opathie :<\/a><\/h3>\n<p>approfondir les causes et les sympt\u00f4mes<\/p>\n<\/div><\/section><br \/>\n\n<style type=\"text\/css\" data-created_by=\"avia_inline_auto\" id=\"style-css-av-kj02fsey-8-ba6ded8dbe1cd71f1e333dd51428f689\">\n#top .hr.hr-invisible.av-kj02fsey-8-ba6ded8dbe1cd71f1e333dd51428f689{\nheight:50px;\n}\n<\/style>\n<div  class='hr av-kj02fsey-8-ba6ded8dbe1cd71f1e333dd51428f689 hr-invisible  avia-builder-el-40  el_after_av_textblock  el_before_av_textblock  av-small-hide av-mini-hide'><span class='hr-inner '><span class=\"hr-inner-style\"><\/span><\/span><\/div><br \/>\n<section  class='av_textblock_section av-kjwuxede-6-025cd4765eef747255f77a8e2b70ac1d '   itemscope=\"itemscope\" itemtype=\"https:\/\/schema.org\/CreativeWork\" ><div class='av-small-hide av-mini-hide avia_textblock'  itemprop=\"text\" ><h3 style=\"text-align: left;\"><a href=\"https:\/\/ralph-theissen.be\/fr\/kinesitherapie\/\">Kin\u00e9sith\u00e9rapie \/ physioth\u00e9rapie :<\/a><\/h3>\n<p>physioth\u00e9rapie, massage, th\u00e9rapie physique et &#8230;<\/p>\n<\/div><\/section><\/p><\/div>\n\n<style type=\"text\/css\" data-created_by=\"avia_inline_auto\" id=\"style-css-av-9ih-7-ca69914edf0b5520d05be5d1d01497d7\">\n#top .flex_column.av-9ih-7-ca69914edf0b5520d05be5d1d01497d7{\nmargin-top:0px;\nmargin-bottom:0px;\n}\n.flex_column.av-9ih-7-ca69914edf0b5520d05be5d1d01497d7{\nborder-radius:0px 0px 0px 0px;\npadding:2px 2px 2px 2px;\n}\n.responsive #top #wrap_all .flex_column.av-9ih-7-ca69914edf0b5520d05be5d1d01497d7{\nmargin-top:0px;\nmargin-bottom:0px;\n}\n<\/style>\n<div  class='flex_column av-9ih-7-ca69914edf0b5520d05be5d1d01497d7 av_one_third  avia-builder-el-42  el_after_av_one_third  el_before_av_one_third  no_margin flex_column_div  column-top-margin'     ><section  class='av_textblock_section av-kjwuxede-4-d49089afbc8e82908ecc39b78b59459c '   itemscope=\"itemscope\" itemtype=\"https:\/\/schema.org\/CreativeWork\" ><div class='av-desktop-hide av-medium-hide avia_textblock'  itemprop=\"text\" ><h3 style=\"text-align: left;\"><a href=\"https:\/\/ralph-theissen.be\/fr\/osteopathie\/\">Ost\u00e9opathie :<\/a><\/h3>\n<p>approfondir les causes et les sympt\u00f4mes<\/p>\n<\/div><\/section><br \/>\n\n<style type=\"text\/css\" data-created_by=\"avia_inline_auto\" id=\"style-css-av-kj05vhdl-14-c013dedbf5a577e85839308a4d6d257f\">\n.avia-image-container.av-kj05vhdl-14-c013dedbf5a577e85839308a4d6d257f img.avia_image{\nbox-shadow:none;\n}\n.avia-image-container.av-kj05vhdl-14-c013dedbf5a577e85839308a4d6d257f .av-caption-image-overlay-bg{\nopacity:0.4;\nbackground-color:#000000;\n}\n.avia-image-container.av-kj05vhdl-14-c013dedbf5a577e85839308a4d6d257f .av-image-caption-overlay-center{\ncolor:#ffffff;\nfont-size:20px;\n}\n<\/style>\n<div  class='avia-image-container av-kj05vhdl-14-c013dedbf5a577e85839308a4d6d257f av-styling-no-styling av-hover-grow av-hide-overflow av-img-linked avia-align-center  avia-builder-el-44  el_after_av_textblock  avia-builder-el-last  noHover av-overlay-on-hover'   itemprop=\"image\" itemscope=\"itemscope\" itemtype=\"https:\/\/schema.org\/ImageObject\" ><div class=\"avia-image-container-inner\"><div class=\"avia-image-overlay-wrap\"><a href=\"https:\/\/ralph-theissen.be\/fr\/osteopathie\/\" class='avia_image '  aria-label='THEISSENralph_zielgruppen_osteo0'><div class=\"av-image-caption-overlay\"><div class=\"av-caption-image-overlay-bg\"><\/div><div class=\"av-image-caption-overlay-position\"><div class=\"av-image-caption-overlay-center\"><p>Ost\u00e9opathie<\/p>\n<\/div><\/div><\/div><img decoding=\"async\" fetchpriority=\"high\" class='wp-image-1920 avia-img-lazy-loading-not-1920 avia_image ' src=\"https:\/\/ralph-theissen.be\/wp-content\/uploads\/2021\/02\/THEISSENralph_zielgruppen_osteo0.jpg\" alt='' title='THEISSENralph_zielgruppen_osteo0'  height=\"650\" width=\"650\"  itemprop=\"thumbnailUrl\" srcset=\"https:\/\/ralph-theissen.be\/wp-content\/uploads\/2021\/02\/THEISSENralph_zielgruppen_osteo0.jpg 650w, https:\/\/ralph-theissen.be\/wp-content\/uploads\/2021\/02\/THEISSENralph_zielgruppen_osteo0-300x300.jpg 300w, https:\/\/ralph-theissen.be\/wp-content\/uploads\/2021\/02\/THEISSENralph_zielgruppen_osteo0-80x80.jpg 80w, https:\/\/ralph-theissen.be\/wp-content\/uploads\/2021\/02\/THEISSENralph_zielgruppen_osteo0-36x36.jpg 36w, https:\/\/ralph-theissen.be\/wp-content\/uploads\/2021\/02\/THEISSENralph_zielgruppen_osteo0-180x180.jpg 180w\" sizes=\"(max-width: 650px) 100vw, 650px\" \/><\/a><\/div><\/div><\/div><\/p><\/div>\n<style type=\"text\/css\" data-created_by=\"avia_inline_auto\" id=\"style-css-av-9ih-3-e31795eac69ceb56695ae57ce21cdc81\">\n#top .flex_column.av-9ih-3-e31795eac69ceb56695ae57ce21cdc81{\nmargin-top:0px;\nmargin-bottom:0px;\n}\n.flex_column.av-9ih-3-e31795eac69ceb56695ae57ce21cdc81{\nborder-radius:0px 0px 0px 0px;\npadding:2px 2px 2px 2px;\n}\n.responsive #top #wrap_all .flex_column.av-9ih-3-e31795eac69ceb56695ae57ce21cdc81{\nmargin-top:0px;\nmargin-bottom:0px;\n}\n<\/style>\n<div  class='flex_column av-9ih-3-e31795eac69ceb56695ae57ce21cdc81 av_one_third  avia-builder-el-45  el_after_av_one_third  el_before_av_one_full  no_margin flex_column_div  column-top-margin'     ><p>\n<style type=\"text\/css\" data-created_by=\"avia_inline_auto\" id=\"style-css-av-kj02fsey-5-b7b6869a08088447b602c84cbdadc8b3\">\n#top .hr.hr-invisible.av-kj02fsey-5-b7b6869a08088447b602c84cbdadc8b3{\nheight:50px;\n}\n<\/style>\n<div  class='hr av-kj02fsey-5-b7b6869a08088447b602c84cbdadc8b3 hr-invisible  avia-builder-el-46  el_before_av_textblock  avia-builder-el-first  av-desktop-hide av-medium-hide'><span class='hr-inner '><span class=\"hr-inner-style\"><\/span><\/span><\/div><br \/>\n<section  class='av_textblock_section av-kjwuxede-2-1b631855c73c15e1ae052c904a94dc4b '   itemscope=\"itemscope\" itemtype=\"https:\/\/schema.org\/CreativeWork\" ><div class='av-desktop-hide av-medium-hide avia_textblock'  itemprop=\"text\" ><h3 style=\"text-align: left;\"><a href=\"https:\/\/ralph-theissen.be\/fr\/kinesitherapie\/\">Kin\u00e9sith\u00e9rapie \/ physioth\u00e9rapie :<\/a><\/h3>\n<p>physioth\u00e9rapie, massage, th\u00e9rapie physique et &#8230;<\/p>\n<\/div><\/section><br \/>\n\n<style type=\"text\/css\" data-created_by=\"avia_inline_auto\" id=\"style-css-av-kj05vhdl-1-ddcc0106f4a4017170d5504111f0c1d1\">\n.avia-image-container.av-kj05vhdl-1-ddcc0106f4a4017170d5504111f0c1d1 img.avia_image{\nbox-shadow:none;\n}\n.avia-image-container.av-kj05vhdl-1-ddcc0106f4a4017170d5504111f0c1d1 .av-caption-image-overlay-bg{\nopacity:0.4;\nbackground-color:#000000;\n}\n.avia-image-container.av-kj05vhdl-1-ddcc0106f4a4017170d5504111f0c1d1 .av-image-caption-overlay-center{\ncolor:#ffffff;\n}\n<\/style>\n<div  class='avia-image-container av-kj05vhdl-1-ddcc0106f4a4017170d5504111f0c1d1 av-styling-no-styling av-hover-grow av-hide-overflow av-img-linked avia-align-center  avia-builder-el-48  el_after_av_textblock  avia-builder-el-last  noHover av-overlay-on-hover'   itemprop=\"image\" itemscope=\"itemscope\" itemtype=\"https:\/\/schema.org\/ImageObject\" ><div class=\"avia-image-container-inner\"><div class=\"avia-image-overlay-wrap\"><a href=\"https:\/\/ralph-theissen.be\/fr\/kinesitherapie\/\" class='avia_image '  aria-label='THEISSENralph_zielgruppen_kine0'><div class=\"av-image-caption-overlay\"><div class=\"av-caption-image-overlay-bg\"><\/div><div class=\"av-image-caption-overlay-position\"><div class=\"av-image-caption-overlay-center\"><p>Kin\u00e9sith\u00e9rapie<\/p>\n<\/div><\/div><\/div><img decoding=\"async\" fetchpriority=\"high\" class='wp-image-1921 avia-img-lazy-loading-not-1921 avia_image ' src=\"https:\/\/ralph-theissen.be\/wp-content\/uploads\/2021\/02\/THEISSENralph_zielgruppen_kine0.jpg\" alt='' title='THEISSENralph_zielgruppen_kine0'  height=\"650\" width=\"650\"  itemprop=\"thumbnailUrl\" srcset=\"https:\/\/ralph-theissen.be\/wp-content\/uploads\/2021\/02\/THEISSENralph_zielgruppen_kine0.jpg 650w, https:\/\/ralph-theissen.be\/wp-content\/uploads\/2021\/02\/THEISSENralph_zielgruppen_kine0-300x300.jpg 300w, https:\/\/ralph-theissen.be\/wp-content\/uploads\/2021\/02\/THEISSENralph_zielgruppen_kine0-80x80.jpg 80w, https:\/\/ralph-theissen.be\/wp-content\/uploads\/2021\/02\/THEISSENralph_zielgruppen_kine0-36x36.jpg 36w, https:\/\/ralph-theissen.be\/wp-content\/uploads\/2021\/02\/THEISSENralph_zielgruppen_kine0-180x180.jpg 180w\" sizes=\"(max-width: 650px) 100vw, 650px\" \/><\/a><\/div><\/div><\/div><\/p><\/div>\n<style type=\"text\/css\" data-created_by=\"avia_inline_auto\" id=\"style-css-av-ai9gj-94c274baa2c823d6fc54216791778b38\">\n.flex_column.av-ai9gj-94c274baa2c823d6fc54216791778b38{\nborder-radius:0px 0px 0px 0px;\npadding:0px 0px 0px 0px;\n}\n<\/style>\n<div  class='flex_column av-ai9gj-94c274baa2c823d6fc54216791778b38 av_one_full  avia-builder-el-49  el_after_av_one_third  avia-builder-el-last  first flex_column_div av-zero-column-padding  column-top-margin'     ><p><div  class='avia-button-wrap av-kjwnyn9j-d31d09720e3913dbbc9c73eb20bb1ed7-wrap avia-button-right  avia-builder-el-50  el_before_av_hr  avia-builder-el-first '>\n<style type=\"text\/css\" data-created_by=\"avia_inline_auto\" id=\"style-css-av-kjwnyn9j-d31d09720e3913dbbc9c73eb20bb1ed7\">\n#top #wrap_all .avia-button.av-kjwnyn9j-d31d09720e3913dbbc9c73eb20bb1ed7{\nbackground-color:#dadada;\nborder-color:#dadada;\ntransition:all 0.4s ease-in-out;\n}\n#top #wrap_all .avia-button.av-kjwnyn9j-d31d09720e3913dbbc9c73eb20bb1ed7:hover{\nbackground-color:#b2b2b2;\ncolor:#ffffff;\ntransition:all 0.4s ease-in-out;\n}\n#top #wrap_all .avia-button.av-kjwnyn9j-d31d09720e3913dbbc9c73eb20bb1ed7:hover .avia-svg-icon svg:first-child{\nfill:#ffffff;\nstroke:#ffffff;\n}\n<\/style>\n<a href='https:\/\/ralph-theissen.be\/fr\/'  class='avia-button av-kjwnyn9j-d31d09720e3913dbbc9c73eb20bb1ed7 av-link-btn avia-icon_select-yes-left-icon avia-size-small avia-position-right avia-font-color-theme-color'   aria-label=\"retour\"><span class='avia_button_icon avia_button_icon_left avia-iconfont avia-font-entypo-fontello' data-av_icon='\ue874' data-av_iconfont='entypo-fontello' ><\/span><span class='avia_iconbox_title' >retour<\/span><\/a><\/div><br \/>\n\n<style type=\"text\/css\" data-created_by=\"avia_inline_auto\" id=\"style-css-av-kjy1ek6e-2803a68e06f7c365d3100fc19fe86044\">\n#top .hr.hr-invisible.av-kjy1ek6e-2803a68e06f7c365d3100fc19fe86044{\nheight:50px;\n}\n<\/style>\n<div  class='hr av-kjy1ek6e-2803a68e06f7c365d3100fc19fe86044 hr-invisible  avia-builder-el-51  el_after_av_button  avia-builder-el-last '><span class='hr-inner '><span class=\"hr-inner-style\"><\/span><\/span><\/div><\/p><\/div><\/p>\n","protected":false},"excerpt":{"rendered":"","protected":false},"author":2,"featured_media":0,"parent":0,"menu_order":1,"comment_status":"closed","ping_status":"closed","template":"","meta":{"footnotes":""},"class_list":["post-1975","page","type-page","status-publish","hentry"],"_links":{"self":[{"href":"https:\/\/ralph-theissen.be\/fr\/wp-json\/wp\/v2\/pages\/1975","targetHints":{"allow":["GET"]}}],"collection":[{"href":"https:\/\/ralph-theissen.be\/fr\/wp-json\/wp\/v2\/pages"}],"about":[{"href":"https:\/\/ralph-theissen.be\/fr\/wp-json\/wp\/v2\/types\/page"}],"author":[{"embeddable":true,"href":"https:\/\/ralph-theissen.be\/fr\/wp-json\/wp\/v2\/users\/2"}],"replies":[{"embeddable":true,"href":"https:\/\/ralph-theissen.be\/fr\/wp-json\/wp\/v2\/comments?post=1975"}],"version-history":[{"count":11,"href":"https:\/\/ralph-theissen.be\/fr\/wp-json\/wp\/v2\/pages\/1975\/revisions"}],"predecessor-version":[{"id":2116,"href":"https:\/\/ralph-theissen.be\/fr\/wp-json\/wp\/v2\/pages\/1975\/revisions\/2116"}],"wp:attachment":[{"href":"https:\/\/ralph-theissen.be\/fr\/wp-json\/wp\/v2\/media?parent=1975"}],"curies":[{"name":"wp","href":"https:\/\/api.w.org\/{rel}","templated":true}]}}